{"id":3451,"date":"2024-12-03T21:24:40","date_gmt":"2024-12-03T21:24:40","guid":{"rendered":"https:\/\/jakubczyk.art\/?page_id=3451"},"modified":"2025-02-17T09:30:26","modified_gmt":"2025-02-17T09:30:26","slug":"aktualnosci","status":"publish","type":"page","link":"https:\/\/jakubczyk.art\/en\/aktualnosci\/","title":{"rendered":"news"},"content":{"rendered":"<div data-elementor-type=\"wp-page\" data-elementor-id=\"3451\" class=\"elementor elementor-3451\">\n\t\t\t\t<div class=\"elementor-element elementor-element-456580e animated-slow e-flex e-con-boxed wpr-particle-no wpr-jarallax-no wpr-parallax-no wpr-sticky-section-no elementor-invisible e-con e-parent\" data-id=\"456580e\" data-element_type=\"container\" data-e-type=\"container\" data-settings=\"{&quot;background_background&quot;:&quot;classic&quot;,&quot;animation&quot;:&quot;fadeIn&quot;}\">\n\t\t\t\t\t<div class=\"e-con-inner\">\n\t\t\t\t<div class=\"elementor-element elementor-element-98f8389 elementor-widget elementor-widget-elementskit-blog-posts\" data-id=\"98f8389\" data-element_type=\"widget\" data-e-type=\"widget\" data-widget_type=\"elementskit-blog-posts.default\">\n\t\t\t\t<div class=\"elementor-widget-container\">\n\t\t\t\t\t<div class=\"ekit-wid-con\" >        <div id=\"post-items--98f8389\" class=\"row post-items\">\n                    <div class=\"col-md-12\">\n\n                                    <div class=\"elementskit-blog-block-post\">\n                        <div class=\"row no-gutters\">\n                                                            <div class=\"col-md-6 order-1\">\n                                    <a href=\"https:\/\/jakubczyk.art\/en\/uroczystosc-wreczenia-srebrnej-odznaki-zasluzony-dla-wojewodztwa-dolnoslaskiego-copy\/\" class=\"elementskit-entry-thumb\">\n                                        <img decoding=\"async\" src=\"https:\/\/jakubczyk.art\/wp-content\/uploads\/2025\/07\/Bulwar-1024x718.jpg\" alt=\"Letnia wystawa plenerowa Bulwar Dunikowskiego Wroc\u0142aw\">\n                                    <\/a><!-- .elementskit-entry-thumb END -->\n                                <\/div>\n                            \n                            <div class=\"col-md-6 order-2\">\n                                <div class=\"elementskit-post-body\">\n                                    <div class=\"elementskit-entry-header\">\n                                        \n                                                                                            \t\t\t\t\t                                            \n                                            \n                                                                                            \t\t\t\t<h2 class=\"entry-title\">\n\t\t\t\t\t<a href=\"https:\/\/jakubczyk.art\/en\/uroczystosc-wreczenia-srebrnej-odznaki-zasluzony-dla-wojewodztwa-dolnoslaskiego-copy\/\">\n\t\t\t\t\t\tSummer Open air exhibition Dunikovsky Boulevard\u2026\t\t\t\t\t<\/a>\n\t\t\t\t<\/h2>\n\t\t\t                                                                                <\/div><!-- .elementskit-entry-header END -->\n\n                                                                            <div class=\"elementskit-post-footer\">\n                                                                                            <p>I&#039;m starting a new summer season. Cyclical open-air exhibition every Sunday from May to October on Dunikovsky Boulevard in Wroclaw. Acquaintance with art, communication with the artist, exchange of experience....<\/p>\n                                                                                                                                <\/div><!-- .elementskit-post-footer END -->\n                                                                    <\/div><!-- .elementskit-post-body END -->\n                            <\/div>\n                        <\/div>\n                    <\/div><!-- .elementskit-blog-block-post .radius .gradient-bg END -->\n                \n            <\/div>\n                    <div class=\"col-md-12\">\n\n                                    <div class=\"elementskit-blog-block-post\">\n                        <div class=\"row no-gutters\">\n                                                            <div class=\"col-md-6 order-1\">\n                                    <a href=\"https:\/\/jakubczyk.art\/en\/wystawa-zbiorowa-grupy-aleja-sztuki-w-miliczu-w-osrodku-kultury-copy\/\" class=\"elementskit-entry-thumb\">\n                                        <img decoding=\"async\" src=\"https:\/\/jakubczyk.art\/wp-content\/uploads\/2025\/02\/UM-medal.jpg\" alt=\"Uroczysto\u015b\u0107 wr\u0119czenia srebrnej odznaki &#8222;Zas\u0142u\u017cony dla Wojew\u00f3dztwa Dolno\u015bl\u0105skiego&#8221;-\">\n                                    <\/a><!-- .elementskit-entry-thumb END -->\n                                <\/div>\n                            \n                            <div class=\"col-md-6 order-2\">\n                                <div class=\"elementskit-post-body\">\n                                    <div class=\"elementskit-entry-header\">\n                                        \n                                                                                            \t\t\t\t\t                                            \n                                            \n                                                                                            \t\t\t\t<h2 class=\"entry-title\">\n\t\t\t\t\t<a href=\"https:\/\/jakubczyk.art\/en\/wystawa-zbiorowa-grupy-aleja-sztuki-w-miliczu-w-osrodku-kultury-copy\/\">\n\t\t\t\t\t\tCeremony of awarding the silver badge &#034; For Services to the Voivodeship\u2026\t\t\t\t\t<\/a>\n\t\t\t\t<\/h2>\n\t\t\t                                                                                <\/div><!-- .elementskit-entry-header END -->\n\n                                                                            <div class=\"elementskit-post-footer\">\n                                                                                            <p>On March 3, 2025, the Sejmik of the Donoslez Voivodeship will host the ceremony of awarding the silver badge &#034;For Services to the Lower Silesian Voivodeship&#034;.\u00a0<\/p>\n                                                                                                                                <\/div><!-- .elementskit-post-footer END -->\n                                                                    <\/div><!-- .elementskit-post-body END -->\n                            <\/div>\n                        <\/div>\n                    <\/div><!-- .elementskit-blog-block-post .radius .gradient-bg END -->\n                \n            <\/div>\n                    <div class=\"col-md-12\">\n\n                                    <div class=\"elementskit-blog-block-post\">\n                        <div class=\"row no-gutters\">\n                                                            <div class=\"col-md-6 order-1\">\n                                    <a href=\"https:\/\/jakubczyk.art\/en\/wroclaw-noca\/\" class=\"elementskit-entry-thumb\">\n                                        <img decoding=\"async\" src=\"https:\/\/jakubczyk.art\/wp-content\/uploads\/2025\/01\/Stara-Rzeznia-Milicz-867x650-1.jpg\" alt=\"Wystawa zbiorowa grupy Aleja Sztuki w Miliczu w O\u015brodku Kultury\">\n                                    <\/a><!-- .elementskit-entry-thumb END -->\n                                <\/div>\n                            \n                            <div class=\"col-md-6 order-2\">\n                                <div class=\"elementskit-post-body\">\n                                    <div class=\"elementskit-entry-header\">\n                                        \n                                                                                            \t\t\t\t\t                                            \n                                            \n                                                                                            \t\t\t\t<h2 class=\"entry-title\">\n\t\t\t\t\t<a href=\"https:\/\/jakubczyk.art\/en\/wroclaw-noca\/\">\n\t\t\t\t\t\tCollective exhibition of the group Alley of Arts in Milic in the center\u2026\t\t\t\t\t<\/a>\n\t\t\t\t<\/h2>\n\t\t\t                                                                                <\/div><!-- .elementskit-entry-header END -->\n\n                                                                            <div class=\"elementskit-post-footer\">\n                                                                                            <p>The collective exhibition of the Alley of Arts group will be held in Milich in the Cultural Center-Staraya Slaughterhouse on 1B Shevskaya Street on February 22, 2025 at 18.00 Admission is free.\u00a0<\/p>\n                                                                                                                                <\/div><!-- .elementskit-post-footer END -->\n                                                                    <\/div><!-- .elementskit-post-body END -->\n                            <\/div>\n                        <\/div>\n                    <\/div><!-- .elementskit-blog-block-post .radius .gradient-bg END -->\n                \n            <\/div>\n                    <div class=\"col-md-12\">\n\n                                    <div class=\"elementskit-blog-block-post\">\n                        <div class=\"row no-gutters\">\n                                                            <div class=\"col-md-6 order-1\">\n                                    <a href=\"https:\/\/jakubczyk.art\/en\/wroclawski-artysta-lokalny\/\" class=\"elementskit-entry-thumb\">\n                                        <img decoding=\"async\" src=\"https:\/\/jakubczyk.art\/wp-content\/uploads\/2024\/12\/fb_post_news_1-1009x1024.jpg\" alt=\"Wroc\u0142awski Artysta Lokalny\">\n                                    <\/a><!-- .elementskit-entry-thumb END -->\n                                <\/div>\n                            \n                            <div class=\"col-md-6 order-2\">\n                                <div class=\"elementskit-post-body\">\n                                    <div class=\"elementskit-entry-header\">\n                                        \n                                                                                            \t\t\t\t\t                                            \n                                            \n                                                                                            \t\t\t\t<h2 class=\"entry-title\">\n\t\t\t\t\t<a href=\"https:\/\/jakubczyk.art\/en\/wroclawski-artysta-lokalny\/\">\n\t\t\t\t\t\tWroc\u0142aw Artist\u2026\t\t\t\t\t<\/a>\n\t\t\t\t<\/h2>\n\t\t\t                                                                                <\/div><!-- .elementskit-entry-header END -->\n\n                                                                            <div class=\"elementskit-post-footer\">\n                                                                                            <p>I would like to present my latest acrylic painting on canvas\u201dWroc\u0142aw Sand bridge&#034;. The image size is 80x80cm. I draw the trams of Wroclaw and the architecture of the city.<\/p>\n                                                                                                                                <\/div><!-- .elementskit-post-footer END -->\n                                                                    <\/div><!-- .elementskit-post-body END -->\n                            <\/div>\n                        <\/div>\n                    <\/div><!-- .elementskit-blog-block-post .radius .gradient-bg END -->\n                \n            <\/div>\n                    <div class=\"col-md-12\">\n\n                                    <div class=\"elementskit-blog-block-post\">\n                        <div class=\"row no-gutters\">\n                                                            <div class=\"col-md-6 order-1\">\n                                    <a href=\"https:\/\/jakubczyk.art\/en\/najnowszy-moj-obraz-z-cyklu-wroclawskie-tramwaje-akryl-na-plotnie\/\" class=\"elementskit-entry-thumb\">\n                                        <img decoding=\"async\" src=\"https:\/\/jakubczyk.art\/wp-content\/uploads\/2024\/09\/fb_post_news_2.jpg\" alt=\"&#8222;Wroc\u0142awskie tramwaje&#8221; akryl na p\u0142\u00f3tnie 80x80cm\">\n                                    <\/a><!-- .elementskit-entry-thumb END -->\n                                <\/div>\n                            \n                            <div class=\"col-md-6 order-2\">\n                                <div class=\"elementskit-post-body\">\n                                    <div class=\"elementskit-entry-header\">\n                                        \n                                                                                            \t\t\t\t\t                                            \n                                            \n                                                                                            \t\t\t\t<h2 class=\"entry-title\">\n\t\t\t\t\t<a href=\"https:\/\/jakubczyk.art\/en\/najnowszy-moj-obraz-z-cyklu-wroclawskie-tramwaje-akryl-na-plotnie\/\">\n\t\t\t\t\t\t&#034;Trams of Wroclaw&#034; acrylic on canvas\u2026\t\t\t\t\t<\/a>\n\t\t\t\t<\/h2>\n\t\t\t                                                                                <\/div><!-- .elementskit-entry-header END -->\n\n                                                                            <div class=\"elementskit-post-footer\">\n                                                                                            <p>My last painting from the cycle &#034;trams of Wroclaw&#034; acrylic on canvas 80x80cm. Night cycle. <\/p>\n                                                                                                                                <\/div><!-- .elementskit-post-footer END -->\n                                                                    <\/div><!-- .elementskit-post-body END -->\n                            <\/div>\n                        <\/div>\n                    <\/div><!-- .elementskit-blog-block-post .radius .gradient-bg END -->\n                \n            <\/div>\n                <\/div>\n       <\/div>\t\t\t\t<\/div>\n\t\t\t\t<\/div>\n\t\t\t\t\t<\/div>\n\t\t\t\t<\/div>\n\t\t\t\t<\/div>","protected":false},"excerpt":{"rendered":"<p>On March 3, 2025, the Sejmik of the Donoslez Voivodeship will host the ceremony of awarding the silver badge &#034;For Services to the Lower Silesian Voivodeship&#034;.\u00a0<\/p>","protected":false},"author":6,"featured_media":4555,"parent":0,"menu_order":1,"comment_status":"closed","ping_status":"closed","template":"","meta":{"_kadence_starter_templates_imported_post":false,"footnotes":""},"class_list":["post-3451","page","type-page","status-publish","has-post-thumbnail","hentry"],"_links":{"self":[{"href":"https:\/\/jakubczyk.art\/en\/wp-json\/wp\/v2\/pages\/3451","targetHints":{"allow":["GET"]}}],"collection":[{"href":"https:\/\/jakubczyk.art\/en\/wp-json\/wp\/v2\/pages"}],"about":[{"href":"https:\/\/jakubczyk.art\/en\/wp-json\/wp\/v2\/types\/page"}],"author":[{"embeddable":true,"href":"https:\/\/jakubczyk.art\/en\/wp-json\/wp\/v2\/users\/6"}],"replies":[{"embeddable":true,"href":"https:\/\/jakubczyk.art\/en\/wp-json\/wp\/v2\/comments?post=3451"}],"version-history":[{"count":83,"href":"https:\/\/jakubczyk.art\/en\/wp-json\/wp\/v2\/pages\/3451\/revisions"}],"predecessor-version":[{"id":4672,"href":"https:\/\/jakubczyk.art\/en\/wp-json\/wp\/v2\/pages\/3451\/revisions\/4672"}],"wp:featuredmedia":[{"embeddable":true,"href":"https:\/\/jakubczyk.art\/en\/wp-json\/wp\/v2\/media\/4555"}],"wp:attachment":[{"href":"https:\/\/jakubczyk.art\/en\/wp-json\/wp\/v2\/media?parent=3451"}],"curies":[{"name":"wp","href":"https:\/\/api.w.org\/{rel}","templated":true}]}}